{"version":"1.0","provider_name":"T\u00e2mega Engineering","provider_url":"http:\/\/ctamega.pt","author_name":"Construtora do T\u00e2mega","author_url":"http:\/\/ctamega.pt\/index.php\/author\/ctamega\/","title":"Ministro da Economia visita o Pavilh\u00e3o de Portugal - T\u00e2mega Engineering","type":"rich","width":600,"height":338,"html":"<blockquote class=\"wp-embedded-content\" data-secret=\"tMXFvu5DpI\"><a href=\"http:\/\/ctamega.pt\/index.php\/2021\/11\/04\/ministro-da-economia-visita-o-pavilhao-de-portugal\/\">Ministro da Economia visita o Pavilh\u00e3o de Portugal<\/a><\/blockquote><iframe sandbox=\"allow-scripts\" security=\"restricted\" src=\"http:\/\/ctamega.pt\/index.php\/2021\/11\/04\/ministro-da-economia-visita-o-pavilhao-de-portugal\/embed\/#?secret=tMXFvu5DpI\" width=\"600\" height=\"338\" title=\"&#8220;Ministro da Economia visita o Pavilh\u00e3o de Portugal&#8221; &#8212; T\u00e2mega Engineering\" data-secret=\"tMXFvu5DpI\" frameborder=\"0\" marginwidth=\"0\" marginheight=\"0\" scrolling=\"no\" class=\"wp-embedded-content\"><\/iframe><script type=\"text\/javascript\">\n\/* <![CDATA[ *\/\n\/*! This file is auto-generated *\/\n!function(d,l){\"use strict\";l.querySelector&&d.addEventListener&&\"undefined\"!=typeof URL&&(d.wp=d.wp||{},d.wp.receiveEmbedMessage||(d.wp.receiveEmbedMessage=function(e){var t=e.data;if((t||t.secret||t.message||t.value)&&!\/[^a-zA-Z0-9]\/.test(t.secret)){for(var s,r,n,a=l.querySelectorAll('iframe[data-secret=\"'+t.secret+'\"]'),o=l.querySelectorAll('blockquote[data-secret=\"'+t.secret+'\"]'),c=new RegExp(\"^https?:$\",\"i\"),i=0;i<o.length;i++)o[i].style.display=\"none\";for(i=0;i<a.length;i++)s=a[i],e.source===s.contentWindow&&(s.removeAttribute(\"style\"),\"height\"===t.message?(1e3<(r=parseInt(t.value,10))?r=1e3:~~r<200&&(r=200),s.height=r):\"link\"===t.message&&(r=new URL(s.getAttribute(\"src\")),n=new URL(t.value),c.test(n.protocol))&&n.host===r.host&&l.activeElement===s&&(d.top.location.href=t.value))}},d.addEventListener(\"message\",d.wp.receiveEmbedMessage,!1),l.addEventListener(\"DOMContentLoaded\",function(){for(var e,t,s=l.querySelectorAll(\"iframe.wp-embedded-content\"),r=0;r<s.length;r++)(t=(e=s[r]).getAttribute(\"data-secret\"))||(t=Math.random().toString(36).substring(2,12),e.src+=\"#?secret=\"+t,e.setAttribute(\"data-secret\",t)),e.contentWindow.postMessage({message:\"ready\",secret:t},\"*\")},!1)))}(window,document);\n\/* ]]> *\/\n<\/script>\n","thumbnail_url":"https:\/\/ctamega.pt\/wp-content\/uploads\/2021\/11\/Colagem-de-fotos-de-design-de-interiores-simples-1.png","thumbnail_width":1120,"thumbnail_height":896,"description":"Pedro Siza Vieira, Ministro de Estado, da Economia e da Transi\u00e7\u00e3o Digital com o Secret\u00e1rio de Estado para a Transi\u00e7\u00e3o Digital,&nbsp;Andr\u00e9 de Arag\u00e3o Azevedo, acompanhado por uma comitiva estrangeira e do Reitor da&nbsp;Universidade de Lisboa, Lu\u00eds Manuel dos Anjos Ferreira, visitou \u00e0 margem da Web Summit o Pavilh\u00e3o de Portugal, uma obra da responsabilidade da"}